{"id":196,"date":"2023-08-13T21:13:05","date_gmt":"2023-08-13T19:13:05","guid":{"rendered":"https:\/\/mueblesamedidatorredelcampo.es\/?page_id=196"},"modified":"2023-08-17T23:53:25","modified_gmt":"2023-08-17T21:53:25","slug":"contacto","status":"publish","type":"page","link":"https:\/\/mueblesamedidatorredelcampo.es\/en\/contacto\/","title":{"rendered":"Contacto"},"content":{"rendered":"<p>[et_pb_section fb_built=\u00bb1&#8243; admin_label=\u00bbPage Title Section\u00bb _builder_version=\u00bb4.16&#8243; use_background_color_gradient=\u00bbon\u00bb background_color_gradient_direction=\u00bb120deg\u00bb background_color_gradient_stops=\u00bb#000000 0%|rgba(0,0,0,0) 100%\u00bb background_color_gradient_overlays_image=\u00bbon\u00bb background_color_gradient_start=\u00bb#000000&#8243; background_color_gradient_end=\u00bbrgba(0,0,0,0)\u00bb background_image=\u00bbhttps:\/\/mueblesamedidatorredelcampo.es\/wp-content\/uploads\/2023\/08\/19_img.jpg\u00bb custom_padding=\u00bb110px||110px|\u00bb global_colors_info=\u00bb{}\u00bb][et_pb_row column_structure=\u00bb1_2,1_2&#8243; admin_label=\u00bbPage Title Area\u00bb _builder_version=\u00bb4.16&#8243; background_size=\u00bbinitial\u00bb background_position=\u00bbtop_left\u00bb background_repeat=\u00bbrepeat\u00bb global_colors_info=\u00bb{}\u00bb][et_pb_column type=\u00bb1_2&#8243; _builder_version=\u00bb4.16&#8243; custom_padding=\u00bb|||\u00bb global_colors_info=\u00bb{}\u00bb custom_padding__hover=\u00bb|||\u00bb][et_pb_text admin_label=\u00bbTitle\u00bb _builder_version=\u00bb4.16&#8243; text_font=\u00bb||||||||\u00bb header_font=\u00bbPoppins|600|||||||\u00bb header_font_size=\u00bb60px\u00bb header_line_height=\u00bb1.2em\u00bb header_2_font=\u00bb||||||||\u00bb background_layout=\u00bbdark\u00bb custom_margin=\u00bb||20px|\u00bb custom_padding=\u00bb|||\u00bb animation_style=\u00bbfade\u00bb header_font_size_tablet=\u00bb\u00bb header_font_size_phone=\u00bb40px\u00bb header_font_size_last_edited=\u00bbon|phone\u00bb global_colors_info=\u00bb{}\u00bb]<\/p>\n<h1>Estamos Aqu\u00ed para Escucharte<\/h1>\n<p>[\/et_pb_text][et_pb_text admin_label=\u00bbPage Subtitle\u00bb _builder_version=\u00bb4.16&#8243; text_font=\u00bbPoppins||||||||\u00bb text_font_size=\u00bb18px\u00bb text_line_height=\u00bb1.8em\u00bb header_font=\u00bb||||||||\u00bb background_layout=\u00bbdark\u00bb animation_style=\u00bbfade\u00bb global_colors_info=\u00bb{}\u00bb]<\/p>\n<p>No dudes en ponerte en contacto con nosotros para discutir tus ideas, proyectos y necesidades de dise\u00f1o. Ya sea que est\u00e9s listo para comenzar un nuevo proyecto o simplemente tengas preguntas, nuestro equipo est\u00e1 aqu\u00ed para proporcionarte soluciones personalizadas. Llena el formulario de contacto a continuaci\u00f3n o utiliza los detalles proporcionados para conectarte directamente. Esperamos colaborar contigo en la creaci\u00f3n de espacios \u00fanicos y funcionales que reflejen tu estilo y visi\u00f3n. Tu pr\u00f3ximo proyecto comienza aqu\u00ed, en Muebles a Medida.<\/p>\n<p>&nbsp;<\/p>\n<p>&nbsp;<\/p>\n<p>[\/et_pb_text][\/et_pb_column][et_pb_column type=\u00bb1_2&#8243; _builder_version=\u00bb4.16&#8243; custom_padding=\u00bb|||\u00bb global_colors_info=\u00bb{}\u00bb custom_padding__hover=\u00bb|||\u00bb][\/et_pb_column][\/et_pb_row][\/et_pb_section][et_pb_section fb_built=\u00bb1&#8243; admin_label=\u00bbReach Us Section\u00bb _builder_version=\u00bb4.21.0&#8243; background_color=\u00bbgcid-dbc02977-6d25-41b1-af93-2b876618d458&#8243; custom_padding=\u00bb90px||90px|\u00bb global_colors_info=\u00bb{%22gcid-dbc02977-6d25-41b1-af93-2b876618d458%22:%91%22background_color%22%93}\u00bb][et_pb_row admin_label=\u00bbReach Us Area\u00bb _builder_version=\u00bb4.16&#8243; global_colors_info=\u00bb{}\u00bb][et_pb_column type=\u00bb4_4&#8243; _builder_version=\u00bb4.16&#8243; custom_padding=\u00bb|||\u00bb global_colors_info=\u00bb{}\u00bb custom_padding__hover=\u00bb|||\u00bb][et_pb_text admin_label=\u00bbTitle\u00bb _builder_version=\u00bb4.21.0&#8243; header_font=\u00bb||||||||\u00bb header_2_font=\u00bbPoppins|600|||||||\u00bb header_2_text_align=\u00bbcenter\u00bb header_2_text_color=\u00bbgcid-f3b784de-5419-4f65-b500-3ccb99ecb08c\u00bb header_2_font_size=\u00bb36px\u00bb max_width=\u00bb550px\u00bb module_alignment=\u00bbcenter\u00bb custom_margin=\u00bb||0px|\u00bb animation_style=\u00bbfade\u00bb global_colors_info=\u00bb{%22gcid-f3b784de-5419-4f65-b500-3ccb99ecb08c%22:%91%22header_2_text_color%22%93}\u00bb]<\/p>\n<h2><strong>Comparte tu Visi\u00f3n con Nosotros<\/strong><\/h2>\n<p>[\/et_pb_text][et_pb_divider color=\u00bbgcid-f98e8a73-e12f-4c13-9e66-513cb21d7790&#8243; divider_position=\u00bbcenter\u00bb divider_weight=\u00bb3px\u00bb _builder_version=\u00bb4.21.0&#8243; max_width=\u00bb50px\u00bb module_alignment=\u00bbcenter\u00bb custom_margin=\u00bb||20px|\u00bb animation_style=\u00bbslide\u00bb animation_direction=\u00bbtop\u00bb animation_intensity_slide=\u00bb10%\u00bb animation_starting_opacity=\u00bb100%\u00bb global_colors_info=\u00bb{%22gcid-f98e8a73-e12f-4c13-9e66-513cb21d7790%22:%91%22color%22%93}\u00bb][\/et_pb_divider][et_pb_text _builder_version=\u00bb4.21.0&#8243; text_font=\u00bbPoppins||||||||\u00bb text_text_color=\u00bbgcid-f3b784de-5419-4f65-b500-3ccb99ecb08c\u00bb text_font_size=\u00bb18px\u00bb text_line_height=\u00bb1.8em\u00bb text_orientation=\u00bbcenter\u00bb max_width=\u00bb550px\u00bb module_alignment=\u00bbcenter\u00bb animation_style=\u00bbfade\u00bb global_colors_info=\u00bb{%22gcid-f3b784de-5419-4f65-b500-3ccb99ecb08c%22:%91%22text_text_color%22%93}\u00bb]<\/p>\n<p><span>En Muebles a Medida, estamos emocionados por escuchar tus ideas y trabajar contigo en la creaci\u00f3n de un espacio \u00fanico. Si tienes un proyecto en mente, nos encantar\u00eda conocer todos los detalles. Comparte tus sue\u00f1os de dise\u00f1o, preferencias y requisitos utilizando una de estas tres opciones<\/span><\/p>\n<p>[\/et_pb_text][\/et_pb_column][\/et_pb_row][\/et_pb_section][et_pb_section fb_built=\u00bb1&#8243; admin_label=\u00bbFooter Section\u00bb _builder_version=\u00bb4.21.0&#8243; background_color=\u00bbgcid-f3b784de-5419-4f65-b500-3ccb99ecb08c\u00bb custom_padding=\u00bb90px||90px|\u00bb locked=\u00bboff\u00bb global_colors_info=\u00bb{%22gcid-f3b784de-5419-4f65-b500-3ccb99ecb08c%22:%91%22background_color%22%93}\u00bb][et_pb_row column_structure=\u00bb1_3,1_3,1_3&#8243; admin_label=\u00bbFooter Area\u00bb _builder_version=\u00bb4.16&#8243; global_colors_info=\u00bb{}\u00bb][et_pb_column type=\u00bb1_3&#8243; _builder_version=\u00bb4.16&#8243; custom_padding=\u00bb|||\u00bb global_colors_info=\u00bb{}\u00bb custom_padding__hover=\u00bb|||\u00bb][et_pb_text ul_type=\u00bbnone\u00bb admin_label=\u00bbTitle\u00bb _builder_version=\u00bb4.21.0&#8243; text_font=\u00bbPoppins||||||||\u00bb text_text_color=\u00bbgcid-dbc02977-6d25-41b1-af93-2b876618d458&#8243; text_font_size=\u00bb16px\u00bb text_line_height=\u00bb1.1em\u00bb ul_font=\u00bbPoppins||||||||\u00bb ul_text_align=\u00bbcenter\u00bb header_font=\u00bb||||||||\u00bb header_2_font=\u00bbPoppins||||||||\u00bb header_2_text_align=\u00bbcenter\u00bb header_2_text_color=\u00bbgcid-f98e8a73-e12f-4c13-9e66-513cb21d7790&#8243; header_2_font_size=\u00bb24px\u00bb header_2_line_height=\u00bb1.4em\u00bb text_orientation=\u00bbcenter\u00bb background_layout=\u00bbdark\u00bb custom_margin=\u00bb||15px|\u00bb custom_padding=\u00bb|||\u00bb animation_style=\u00bbfade\u00bb global_colors_info=\u00bb{%22gcid-f98e8a73-e12f-4c13-9e66-513cb21d7790%22:%91%22header_2_text_color%22%93,%22gcid-dbc02977-6d25-41b1-af93-2b876618d458%22:%91%22text_text_color%22%93}\u00bb]<\/p>\n<h2>Visita Nuestro Taller<\/h2>\n<p>Calle La Mu\u00f1a, 6<\/p>\n<p>Torredelcampo, Ja\u00e9n<\/p>\n<p>[\/et_pb_text][\/et_pb_column][et_pb_column type=\u00bb1_3&#8243; _builder_version=\u00bb4.16&#8243; custom_padding=\u00bb|||\u00bb global_colors_info=\u00bb{}\u00bb custom_padding__hover=\u00bb|||\u00bb][et_pb_text ul_type=\u00bbnone\u00bb admin_label=\u00bbTitle\u00bb _builder_version=\u00bb4.21.0&#8243; text_font=\u00bbPoppins||||||||\u00bb text_text_color=\u00bbgcid-dbc02977-6d25-41b1-af93-2b876618d458&#8243; text_font_size=\u00bb16px\u00bb text_line_height=\u00bb1.1em\u00bb ul_font=\u00bbPoppins||||||||\u00bb ul_text_align=\u00bbcenter\u00bb header_font=\u00bb||||||||\u00bb header_2_font=\u00bbPoppins||||||||\u00bb header_2_text_align=\u00bbcenter\u00bb header_2_text_color=\u00bbgcid-f98e8a73-e12f-4c13-9e66-513cb21d7790&#8243; header_2_font_size=\u00bb24px\u00bb header_2_line_height=\u00bb1.4em\u00bb text_orientation=\u00bbcenter\u00bb background_layout=\u00bbdark\u00bb custom_margin=\u00bb||15px|\u00bb custom_padding=\u00bb|||\u00bb animation_style=\u00bbfade\u00bb global_colors_info=\u00bb{%22gcid-f98e8a73-e12f-4c13-9e66-513cb21d7790%22:%91%22header_2_text_color%22%93,%22gcid-dbc02977-6d25-41b1-af93-2b876618d458%22:%91%22text_text_color%22%93}\u00bb]<\/p>\n<h2>\u00bfUna conversaci\u00f3n m\u00e1s directa?<\/h2>\n<p>615511604<\/p>\n<p>615511602<\/p>\n<p>[\/et_pb_text][\/et_pb_column][et_pb_column type=\u00bb1_3&#8243; _builder_version=\u00bb4.16&#8243; custom_padding=\u00bb|||\u00bb global_colors_info=\u00bb{}\u00bb custom_padding__hover=\u00bb|||\u00bb][et_pb_text ul_type=\u00bbnone\u00bb admin_label=\u00bbTitle\u00bb _builder_version=\u00bb4.21.0&#8243; text_font=\u00bbPoppins||||||||\u00bb text_text_color=\u00bbgcid-dbc02977-6d25-41b1-af93-2b876618d458&#8243; text_font_size=\u00bb16px\u00bb text_line_height=\u00bb1.8em\u00bb ul_font=\u00bbPoppins||||||||\u00bb ul_text_align=\u00bbcenter\u00bb header_font=\u00bb||||||||\u00bb header_2_font=\u00bbPoppins||||||||\u00bb header_2_text_align=\u00bbcenter\u00bb header_2_text_color=\u00bbgcid-f98e8a73-e12f-4c13-9e66-513cb21d7790&#8243; header_2_font_size=\u00bb24px\u00bb header_2_line_height=\u00bb1.4em\u00bb text_orientation=\u00bbcenter\u00bb background_layout=\u00bbdark\u00bb custom_margin=\u00bb|-21px|15px|-16px||\u00bb custom_padding=\u00bb|||\u00bb animation_style=\u00bbfade\u00bb global_colors_info=\u00bb{%22gcid-f98e8a73-e12f-4c13-9e66-513cb21d7790%22:%91%22header_2_text_color%22%93,%22gcid-dbc02977-6d25-41b1-af93-2b876618d458%22:%91%22text_text_color%22%93}\u00bb]<\/p>\n<h2>O prefieres escribir tus ideas y preguntas<\/h2>\n<p>info@mueblesamedidatorredelcampo.es<\/p>\n<p>[\/et_pb_text][\/et_pb_column][\/et_pb_row][et_pb_row disabled_on=\u00bboff|off|off\u00bb admin_label=\u00bbSocial Media\u00bb _builder_version=\u00bb4.16&#8243; custom_margin=\u00bb30px|||\u00bb global_colors_info=\u00bb{}\u00bb][et_pb_column type=\u00bb4_4&#8243; _builder_version=\u00bb4.16&#8243; custom_padding=\u00bb|||\u00bb global_colors_info=\u00bb{}\u00bb custom_padding__hover=\u00bb|||\u00bb][et_pb_social_media_follow icon_color=\u00bbgcid-f3b784de-5419-4f65-b500-3ccb99ecb08c\u00bb _builder_version=\u00bb4.21.0&#8243; text_orientation=\u00bbcenter\u00bb global_colors_info=\u00bb{%22gcid-f3b784de-5419-4f65-b500-3ccb99ecb08c%22:%91%22icon_color%22%93}\u00bb][et_pb_social_media_follow_network social_network=\u00bbfacebook\u00bb url=\u00bbhttps:\/\/www.facebook.com\/mueblesamedidatorredelcampo\u00bb _builder_version=\u00bb4.21.0&#8243; background_color=\u00bbgcid-f98e8a73-e12f-4c13-9e66-513cb21d7790&#8243; background_enable_color=\u00bbon\u00bb custom_margin=\u00bb|8px||8px\u00bb custom_padding=\u00bb14px|14px|14px|14px\u00bb border_radii=\u00bbon|100px|100px|100px|100px\u00bb global_colors_info=\u00bb{%22gcid-f98e8a73-e12f-4c13-9e66-513cb21d7790%22:%91%22background_color%22%93}\u00bb follow_button=\u00bboff\u00bb url_new_window=\u00bbon\u00bb]facebook[\/et_pb_social_media_follow_network][et_pb_social_media_follow_network social_network=\u00bbinstagram\u00bb url=\u00bbhttps:\/\/www.instagram.com\/mueblesamedidatorredelcampo\/?igshid=MzRlODBiNWFlZA%3D%3D\u00bb _builder_version=\u00bb4.21.0&#8243; background_color=\u00bbgcid-f98e8a73-e12f-4c13-9e66-513cb21d7790&#8243; background_enable_color=\u00bbon\u00bb custom_margin=\u00bb|8px||8px\u00bb custom_padding=\u00bb14px|14px|14px|14px\u00bb border_radii=\u00bbon|100px|100px|100px|100px\u00bb global_colors_info=\u00bb{%22gcid-f98e8a73-e12f-4c13-9e66-513cb21d7790%22:%91%22background_color%22%93}\u00bb follow_button=\u00bboff\u00bb url_new_window=\u00bbon\u00bb]instagram[\/et_pb_social_media_follow_network][\/et_pb_social_media_follow][\/et_pb_column][\/et_pb_row][\/et_pb_section][et_pb_section fb_built=\u00bb1&#8243; fullwidth=\u00bbon\u00bb admin_label=\u00bbMap Section\u00bb _builder_version=\u00bb4.16&#8243; global_colors_info=\u00bb{}\u00bb][et_pb_fullwidth_code _builder_version=\u00bb4.21.0&#8243; _module_preset=\u00bbdefault\u00bb global_colors_info=\u00bb{}\u00bb]<iframe src=\"https:\/\/www.google.com\/maps\/embed?pb=!1m18!1m12!1m3!1d3153.5562434416393!2d-3.89775182416459!3d37.77700207198493!2m3!1f0!2f0!3f0!3m2!1i1024!2i768!4f13.1!3m3!1m2!1s0xd6dd1497da47a35%3A0x29c1d88bc7861a1a!2sMUEBLES%20A%20MEDIDA%20TORREDELCAMPO!5e0!3m2!1ses!2ses!4v1691953577168!5m2!1ses!2ses\" width=\"100%\" height=\"600\" style=\"border:0;\" allowfullscreen=\"\" loading=\"lazy\" referrerpolicy=\"no-referrer-when-downgrade\"><\/iframe>[\/et_pb_fullwidth_code][\/et_pb_section][et_pb_section fb_built=\u00bb1&#8243; admin_label=\u00bbGet In Touch Section\u00bb _builder_version=\u00bb4.16&#8243; background_color=\u00bb#1e1d1c\u00bb custom_padding=\u00bb90px||90px|\u00bb locked=\u00bboff\u00bb global_colors_info=\u00bb{}\u00bb][et_pb_row _builder_version=\u00bb4.16&#8243; custom_padding=\u00bb||10px|\u00bb global_colors_info=\u00bb{}\u00bb][et_pb_column type=\u00bb4_4&#8243; _builder_version=\u00bb4.16&#8243; custom_padding=\u00bb|||\u00bb global_colors_info=\u00bb{}\u00bb custom_padding__hover=\u00bb|||\u00bb][et_pb_text admin_label=\u00bbTitle\u00bb module_id=\u00bbpresu\u00bb _builder_version=\u00bb4.21.0&#8243; text_font=\u00bb||||||||\u00bb header_font=\u00bb||||||||\u00bb header_2_font=\u00bbPoppins|600|||||||\u00bb header_2_font_size=\u00bb36px\u00bb header_2_line_height=\u00bb1.2em\u00bb header_3_font=\u00bb||||||||\u00bb text_orientation=\u00bbcenter\u00bb background_layout=\u00bbdark\u00bb max_width=\u00bb550px\u00bb module_alignment=\u00bbcenter\u00bb custom_margin=\u00bb||0px|\u00bb animation_style=\u00bbfade\u00bb animation_direction=\u00bbleft\u00bb animation_starting_opacity=\u00bb100%\u00bb locked=\u00bboff\u00bb global_colors_info=\u00bb{}\u00bb]<\/p>\n<h2>\u00a1Hablemos de tu proyecto!<\/h2>\n<p>[\/et_pb_text][et_pb_divider color=\u00bbgcid-f98e8a73-e12f-4c13-9e66-513cb21d7790&#8243; divider_position=\u00bbcenter\u00bb divider_weight=\u00bb3px\u00bb _builder_version=\u00bb4.21.0&#8243; max_width=\u00bb50px\u00bb module_alignment=\u00bbcenter\u00bb custom_margin=\u00bb||20px|\u00bb animation_style=\u00bbslide\u00bb animation_direction=\u00bbtop\u00bb animation_intensity_slide=\u00bb5%\u00bb animation_starting_opacity=\u00bb100%\u00bb locked=\u00bboff\u00bb global_colors_info=\u00bb{%22gcid-f98e8a73-e12f-4c13-9e66-513cb21d7790%22:%91%22color%22%93}\u00bb][\/et_pb_divider][et_pb_text _builder_version=\u00bb4.16&#8243; text_font=\u00bbPoppins||||||||\u00bb text_text_color=\u00bbrgba(255,255,255,0.7)\u00bb text_font_size=\u00bb18px\u00bb text_line_height=\u00bb1.8em\u00bb text_orientation=\u00bbcenter\u00bb max_width=\u00bb550px\u00bb module_alignment=\u00bbcenter\u00bb custom_margin=\u00bb|||\u00bb custom_padding=\u00bb|||\u00bb locked=\u00bboff\u00bb global_colors_info=\u00bb{}\u00bb]<\/p>\n<p>Completa este formulario y nos pondremos en contacto. Cu\u00e9ntanos tus ideas y necesidades para empezar a convertirlas en realidad. \u00a1Estamos listos para hacer que tus espacios cobren vida!<\/p>\n<p>[\/et_pb_text][\/et_pb_column][\/et_pb_row][et_pb_row _builder_version=\u00bb4.16&#8243; custom_margin=\u00bb20px|||\u00bb global_colors_info=\u00bb{}\u00bb][et_pb_column type=\u00bb4_4&#8243; _builder_version=\u00bb4.16&#8243; custom_padding=\u00bb|||\u00bb global_colors_info=\u00bb{}\u00bb custom_padding__hover=\u00bb|||\u00bb][et_pb_contact_form captcha=\u00bboff\u00bb email=\u00bbmueblesamedidatorredelcampo@gmail.com\u00bb custom_message=\u00bbHas recibido una nueva solicitud de contacto con la siguiente informaci\u00f3n:||et_pb_line_break_holder||||et_pb_line_break_holder||Nombre: %%nombre%%||et_pb_line_break_holder||Apellidos: %%apellidos%%||et_pb_line_break_holder||Email: %%email%%||et_pb_line_break_holder||Nos conoci\u00f3: %%como_nos_conociste%%||et_pb_line_break_holder||||et_pb_line_break_holder||Este es el mensaje: %%mensaje%%\u00bb success_message=\u00bbGracias por contactar con nosotros\u00bb module_id=\u00bbet_pb_contact_form_0&#8243; _builder_version=\u00bb4.21.0&#8243; title_font=\u00bb||||||||\u00bb form_field_font=\u00bbPoppins||||||||\u00bb form_field_font_size=\u00bb16px\u00bb custom_button=\u00bbon\u00bb button_text_size=\u00bb14px\u00bb button_text_color=\u00bb#ffffff\u00bb button_bg_color=\u00bbgcid-f98e8a73-e12f-4c13-9e66-513cb21d7790&#8243; button_border_width=\u00bb8px\u00bb button_border_color=\u00bbgcid-f98e8a73-e12f-4c13-9e66-513cb21d7790&#8243; button_border_radius=\u00bb0px\u00bb button_letter_spacing=\u00bb2px\u00bb button_font=\u00bbPoppins|600||on|||||\u00bb button_icon=\u00bb&#x24;||divi||400&#8243; max_width=\u00bb750px\u00bb module_alignment=\u00bbcenter\u00bb animation_style=\u00bbfade\u00bb global_colors_info=\u00bb{%22gcid-f98e8a73-e12f-4c13-9e66-513cb21d7790%22:%91%22button_bg_color%22,%22button_border_color%22%93}\u00bb][et_pb_contact_field field_id=\u00bbnombre\u00bb field_title=\u00bbnombre\u00bb _builder_version=\u00bb4.21.0&#8243; global_colors_info=\u00bb{}\u00bb button_text_size__hover_enabled=\u00bboff\u00bb button_one_text_size__hover_enabled=\u00bboff\u00bb button_two_text_size__hover_enabled=\u00bboff\u00bb button_text_color__hover_enabled=\u00bboff\u00bb button_one_text_color__hover_enabled=\u00bboff\u00bb button_two_text_color__hover_enabled=\u00bboff\u00bb button_border_width__hover_enabled=\u00bboff\u00bb button_one_border_width__hover_enabled=\u00bboff\u00bb button_two_border_width__hover_enabled=\u00bboff\u00bb button_border_color__hover_enabled=\u00bboff\u00bb button_one_border_color__hover_enabled=\u00bboff\u00bb button_two_border_color__hover_enabled=\u00bboff\u00bb button_border_radius__hover_enabled=\u00bboff\u00bb button_one_border_radius__hover_enabled=\u00bboff\u00bb button_two_border_radius__hover_enabled=\u00bboff\u00bb button_letter_spacing__hover_enabled=\u00bboff\u00bb button_one_letter_spacing__hover_enabled=\u00bboff\u00bb button_two_letter_spacing__hover_enabled=\u00bboff\u00bb button_bg_color__hover_enabled=\u00bboff\u00bb button_one_bg_color__hover_enabled=\u00bboff\u00bb button_two_bg_color__hover_enabled=\u00bboff\u00bb][\/et_pb_contact_field][et_pb_contact_field field_id=\u00bbapellidos\u00bb field_title=\u00bbapellidos\u00bb _builder_version=\u00bb4.21.0&#8243; global_colors_info=\u00bb{}\u00bb button_text_size__hover_enabled=\u00bboff\u00bb button_one_text_size__hover_enabled=\u00bboff\u00bb button_two_text_size__hover_enabled=\u00bboff\u00bb button_text_color__hover_enabled=\u00bboff\u00bb button_one_text_color__hover_enabled=\u00bboff\u00bb button_two_text_color__hover_enabled=\u00bboff\u00bb button_border_width__hover_enabled=\u00bboff\u00bb button_one_border_width__hover_enabled=\u00bboff\u00bb button_two_border_width__hover_enabled=\u00bboff\u00bb button_border_color__hover_enabled=\u00bboff\u00bb button_one_border_color__hover_enabled=\u00bboff\u00bb button_two_border_color__hover_enabled=\u00bboff\u00bb button_border_radius__hover_enabled=\u00bboff\u00bb button_one_border_radius__hover_enabled=\u00bboff\u00bb button_two_border_radius__hover_enabled=\u00bboff\u00bb button_letter_spacing__hover_enabled=\u00bboff\u00bb button_one_letter_spacing__hover_enabled=\u00bboff\u00bb button_two_letter_spacing__hover_enabled=\u00bboff\u00bb button_bg_color__hover_enabled=\u00bboff\u00bb button_one_bg_color__hover_enabled=\u00bboff\u00bb button_two_bg_color__hover_enabled=\u00bboff\u00bb][\/et_pb_contact_field][et_pb_contact_field field_id=\u00bbemail\u00bb field_title=\u00bbemail\u00bb field_type=\u00bbemail\u00bb _builder_version=\u00bb4.21.0&#8243; global_colors_info=\u00bb{}\u00bb button_text_size__hover_enabled=\u00bboff\u00bb button_one_text_size__hover_enabled=\u00bboff\u00bb button_two_text_size__hover_enabled=\u00bboff\u00bb button_text_color__hover_enabled=\u00bboff\u00bb button_one_text_color__hover_enabled=\u00bboff\u00bb button_two_text_color__hover_enabled=\u00bboff\u00bb button_border_width__hover_enabled=\u00bboff\u00bb button_one_border_width__hover_enabled=\u00bboff\u00bb button_two_border_width__hover_enabled=\u00bboff\u00bb button_border_color__hover_enabled=\u00bboff\u00bb button_one_border_color__hover_enabled=\u00bboff\u00bb button_two_border_color__hover_enabled=\u00bboff\u00bb button_border_radius__hover_enabled=\u00bboff\u00bb button_one_border_radius__hover_enabled=\u00bboff\u00bb button_two_border_radius__hover_enabled=\u00bboff\u00bb button_letter_spacing__hover_enabled=\u00bboff\u00bb button_one_letter_spacing__hover_enabled=\u00bboff\u00bb button_two_letter_spacing__hover_enabled=\u00bboff\u00bb button_bg_color__hover_enabled=\u00bboff\u00bb button_one_bg_color__hover_enabled=\u00bboff\u00bb button_two_bg_color__hover_enabled=\u00bboff\u00bb][\/et_pb_contact_field][et_pb_contact_field field_id=\u00bbcomo_nos_conociste\u00bb field_title=\u00bb\u00bfC\u00f3mo nos conociste?\u00bb field_type=\u00bbselect\u00bb select_options=\u00bb%91{%22value%22:%22redes sociales%22,%22checked%22:0,%22dragID%22:-1},{%22value%22:%22a trav\u00e9s de un amig@%22,%22checked%22:0,%22dragID%22:0},{%22value%22:%22buscando en internet%22,%22checked%22:0,%22dragID%22:1},{%22value%22:%22otros%22,%22checked%22:0,%22dragID%22:2}%93&#8243; _builder_version=\u00bb4.21.0&#8243; global_colors_info=\u00bb{}\u00bb button_text_size__hover_enabled=\u00bboff\u00bb button_one_text_size__hover_enabled=\u00bboff\u00bb button_two_text_size__hover_enabled=\u00bboff\u00bb button_text_color__hover_enabled=\u00bboff\u00bb button_one_text_color__hover_enabled=\u00bboff\u00bb button_two_text_color__hover_enabled=\u00bboff\u00bb button_border_width__hover_enabled=\u00bboff\u00bb button_one_border_width__hover_enabled=\u00bboff\u00bb button_two_border_width__hover_enabled=\u00bboff\u00bb button_border_color__hover_enabled=\u00bboff\u00bb button_one_border_color__hover_enabled=\u00bboff\u00bb button_two_border_color__hover_enabled=\u00bboff\u00bb button_border_radius__hover_enabled=\u00bboff\u00bb button_one_border_radius__hover_enabled=\u00bboff\u00bb button_two_border_radius__hover_enabled=\u00bboff\u00bb button_letter_spacing__hover_enabled=\u00bboff\u00bb button_one_letter_spacing__hover_enabled=\u00bboff\u00bb button_two_letter_spacing__hover_enabled=\u00bboff\u00bb button_bg_color__hover_enabled=\u00bboff\u00bb button_one_bg_color__hover_enabled=\u00bboff\u00bb button_two_bg_color__hover_enabled=\u00bboff\u00bb][\/et_pb_contact_field][et_pb_contact_field field_id=\u00bbmensaje\u00bb field_title=\u00bbmensaje\u00bb field_type=\u00bbtext\u00bb fullwidth_field=\u00bbon\u00bb _builder_version=\u00bb4.21.0&#8243; global_colors_info=\u00bb{}\u00bb button_text_size__hover_enabled=\u00bboff\u00bb button_one_text_size__hover_enabled=\u00bboff\u00bb button_two_text_size__hover_enabled=\u00bboff\u00bb button_text_color__hover_enabled=\u00bboff\u00bb button_one_text_color__hover_enabled=\u00bboff\u00bb button_two_text_color__hover_enabled=\u00bboff\u00bb button_border_width__hover_enabled=\u00bboff\u00bb button_one_border_width__hover_enabled=\u00bboff\u00bb button_two_border_width__hover_enabled=\u00bboff\u00bb button_border_color__hover_enabled=\u00bboff\u00bb button_one_border_color__hover_enabled=\u00bboff\u00bb button_two_border_color__hover_enabled=\u00bboff\u00bb button_border_radius__hover_enabled=\u00bboff\u00bb button_one_border_radius__hover_enabled=\u00bboff\u00bb button_two_border_radius__hover_enabled=\u00bboff\u00bb button_letter_spacing__hover_enabled=\u00bboff\u00bb button_one_letter_spacing__hover_enabled=\u00bboff\u00bb button_two_letter_spacing__hover_enabled=\u00bboff\u00bb button_bg_color__hover_enabled=\u00bboff\u00bb button_one_bg_color__hover_enabled=\u00bboff\u00bb button_two_bg_color__hover_enabled=\u00bboff\u00bb][\/et_pb_contact_field][\/et_pb_contact_form][\/et_pb_column][\/et_pb_row][\/et_pb_section]<\/p>","protected":false},"excerpt":{"rendered":"<p>Estamos Aqu\u00ed para EscucharteNo dudes en ponerte en contacto con nosotros para discutir tus ideas, proyectos y necesidades de dise\u00f1o. Ya sea que est\u00e9s listo para comenzar un nuevo proyecto o simplemente tengas preguntas, nuestro equipo est\u00e1 aqu\u00ed para proporcionarte soluciones personalizadas. Llena el formulario de contacto a continuaci\u00f3n o utiliza los detalles proporcionados para [&hellip;]<\/p>","protected":false},"author":1,"featured_media":0,"parent":0,"menu_order":0,"comment_status":"closed","ping_status":"closed","template":"","meta":{"_et_pb_use_builder":"on","_et_pb_old_content":"","_et_gb_content_width":"","om_disable_all_campaigns":false,"_monsterinsights_skip_tracking":false,"_monsterinsights_sitenote_active":false,"_monsterinsights_sitenote_note":"","_monsterinsights_sitenote_category":0,"footnotes":""},"class_list":["post-196","page","type-page","status-publish","hentry"],"yoast_head":"<!-- This site is optimized with the Yoast SEO plugin v21.2 - https:\/\/yoast.com\/wordpress\/plugins\/seo\/ -->\n<title>Contacto - Muebles AMedida Torredelcampo<\/title>\n<meta name=\"robots\" content=\"index, follow, max-snippet:-1, max-image-preview:large, max-video-preview:-1\" \/>\n<link rel=\"canonical\" href=\"https:\/\/mueblesamedidatorredelcampo.es\/en\/contacto\/\" \/>\n<meta property=\"og:locale\" content=\"en_GB\" \/>\n<meta property=\"og:type\" content=\"article\" \/>\n<meta property=\"og:title\" content=\"Contacto - Muebles AMedida Torredelcampo\" \/>\n<meta property=\"og:description\" content=\"Estamos Aqu\u00ed para EscucharteNo dudes en ponerte en contacto con nosotros para discutir tus ideas, proyectos y necesidades de dise\u00f1o. Ya sea que est\u00e9s listo para comenzar un nuevo proyecto o simplemente tengas preguntas, nuestro equipo est\u00e1 aqu\u00ed para proporcionarte soluciones personalizadas. Llena el formulario de contacto a continuaci\u00f3n o utiliza los detalles proporcionados para [&hellip;]\" \/>\n<meta property=\"og:url\" content=\"https:\/\/mueblesamedidatorredelcampo.es\/en\/contacto\/\" \/>\n<meta property=\"og:site_name\" content=\"Muebles AMedida Torredelcampo\" \/>\n<meta property=\"article:modified_time\" content=\"2023-08-17T21:53:25+00:00\" \/>\n<meta name=\"twitter:card\" content=\"summary_large_image\" \/>\n<meta name=\"twitter:label1\" content=\"Estimated reading time\" \/>\n\t<meta name=\"twitter:data1\" content=\"14 minutes\" \/>\n<script type=\"application\/ld+json\" class=\"yoast-schema-graph\">{\"@context\":\"https:\/\/schema.org\",\"@graph\":[{\"@type\":\"WebPage\",\"@id\":\"https:\/\/mueblesamedidatorredelcampo.es\/contacto\/\",\"url\":\"https:\/\/mueblesamedidatorredelcampo.es\/contacto\/\",\"name\":\"Contacto - Muebles AMedida Torredelcampo\",\"isPartOf\":{\"@id\":\"https:\/\/mueblesamedidatorredelcampo.es\/#website\"},\"datePublished\":\"2023-08-13T19:13:05+00:00\",\"dateModified\":\"2023-08-17T21:53:25+00:00\",\"breadcrumb\":{\"@id\":\"https:\/\/mueblesamedidatorredelcampo.es\/contacto\/#breadcrumb\"},\"inLanguage\":\"en-GB\",\"potentialAction\":[{\"@type\":\"ReadAction\",\"target\":[\"https:\/\/mueblesamedidatorredelcampo.es\/contacto\/\"]}]},{\"@type\":\"BreadcrumbList\",\"@id\":\"https:\/\/mueblesamedidatorredelcampo.es\/contacto\/#breadcrumb\",\"itemListElement\":[{\"@type\":\"ListItem\",\"position\":1,\"name\":\"Portada\",\"item\":\"https:\/\/mueblesamedidatorredelcampo.es\/\"},{\"@type\":\"ListItem\",\"position\":2,\"name\":\"Contacto\"}]},{\"@type\":\"WebSite\",\"@id\":\"https:\/\/mueblesamedidatorredelcampo.es\/#website\",\"url\":\"https:\/\/mueblesamedidatorredelcampo.es\/\",\"name\":\"Muebles AMedida Torredelcampo\",\"description\":\"Muebles AMedida Torredelcampo\",\"potentialAction\":[{\"@type\":\"SearchAction\",\"target\":{\"@type\":\"EntryPoint\",\"urlTemplate\":\"https:\/\/mueblesamedidatorredelcampo.es\/?s={search_term_string}\"},\"query-input\":\"required name=search_term_string\"}],\"inLanguage\":\"en-GB\"}]}<\/script>\n<!-- \/ Yoast SEO plugin. -->","yoast_head_json":{"title":"Contacto - Muebles AMedida Torredelcampo","robots":{"index":"index","follow":"follow","max-snippet":"max-snippet:-1","max-image-preview":"max-image-preview:large","max-video-preview":"max-video-preview:-1"},"canonical":"https:\/\/mueblesamedidatorredelcampo.es\/en\/contacto\/","og_locale":"en_GB","og_type":"article","og_title":"Contacto - Muebles AMedida Torredelcampo","og_description":"Estamos Aqu\u00ed para EscucharteNo dudes en ponerte en contacto con nosotros para discutir tus ideas, proyectos y necesidades de dise\u00f1o. Ya sea que est\u00e9s listo para comenzar un nuevo proyecto o simplemente tengas preguntas, nuestro equipo est\u00e1 aqu\u00ed para proporcionarte soluciones personalizadas. Llena el formulario de contacto a continuaci\u00f3n o utiliza los detalles proporcionados para [&hellip;]","og_url":"https:\/\/mueblesamedidatorredelcampo.es\/en\/contacto\/","og_site_name":"Muebles AMedida Torredelcampo","article_modified_time":"2023-08-17T21:53:25+00:00","twitter_card":"summary_large_image","twitter_misc":{"Estimated reading time":"14 minutes"},"schema":{"@context":"https:\/\/schema.org","@graph":[{"@type":"WebPage","@id":"https:\/\/mueblesamedidatorredelcampo.es\/contacto\/","url":"https:\/\/mueblesamedidatorredelcampo.es\/contacto\/","name":"Contacto - Muebles AMedida Torredelcampo","isPartOf":{"@id":"https:\/\/mueblesamedidatorredelcampo.es\/#website"},"datePublished":"2023-08-13T19:13:05+00:00","dateModified":"2023-08-17T21:53:25+00:00","breadcrumb":{"@id":"https:\/\/mueblesamedidatorredelcampo.es\/contacto\/#breadcrumb"},"inLanguage":"en-GB","potentialAction":[{"@type":"ReadAction","target":["https:\/\/mueblesamedidatorredelcampo.es\/contacto\/"]}]},{"@type":"BreadcrumbList","@id":"https:\/\/mueblesamedidatorredelcampo.es\/contacto\/#breadcrumb","itemListElement":[{"@type":"ListItem","position":1,"name":"Portada","item":"https:\/\/mueblesamedidatorredelcampo.es\/"},{"@type":"ListItem","position":2,"name":"Contacto"}]},{"@type":"WebSite","@id":"https:\/\/mueblesamedidatorredelcampo.es\/#website","url":"https:\/\/mueblesamedidatorredelcampo.es\/","name":"Muebles AMedida Torredelcampo","description":"Muebles AMedida Torredelcampo","potentialAction":[{"@type":"SearchAction","target":{"@type":"EntryPoint","urlTemplate":"https:\/\/mueblesamedidatorredelcampo.es\/?s={search_term_string}"},"query-input":"required name=search_term_string"}],"inLanguage":"en-GB"}]}},"_links":{"self":[{"href":"https:\/\/mueblesamedidatorredelcampo.es\/en\/wp-json\/wp\/v2\/pages\/196","targetHints":{"allow":["GET"]}}],"collection":[{"href":"https:\/\/mueblesamedidatorredelcampo.es\/en\/wp-json\/wp\/v2\/pages"}],"about":[{"href":"https:\/\/mueblesamedidatorredelcampo.es\/en\/wp-json\/wp\/v2\/types\/page"}],"author":[{"embeddable":true,"href":"https:\/\/mueblesamedidatorredelcampo.es\/en\/wp-json\/wp\/v2\/users\/1"}],"replies":[{"embeddable":true,"href":"https:\/\/mueblesamedidatorredelcampo.es\/en\/wp-json\/wp\/v2\/comments?post=196"}],"version-history":[{"count":3,"href":"https:\/\/mueblesamedidatorredelcampo.es\/en\/wp-json\/wp\/v2\/pages\/196\/revisions"}],"predecessor-version":[{"id":211,"href":"https:\/\/mueblesamedidatorredelcampo.es\/en\/wp-json\/wp\/v2\/pages\/196\/revisions\/211"}],"wp:attachment":[{"href":"https:\/\/mueblesamedidatorredelcampo.es\/en\/wp-json\/wp\/v2\/media?parent=196"}],"curies":[{"name":"wp","href":"https:\/\/api.w.org\/{rel}","templated":true}]}}